{"id":7423,"date":"2024-02-19T11:45:46","date_gmt":"2024-02-19T10:45:46","guid":{"rendered":"https:\/\/www.set.ch\/?page_id=7423"},"modified":"2024-02-21T09:07:18","modified_gmt":"2024-02-21T08:07:18","slug":"t-box-zyklus-1","status":"publish","type":"page","link":"https:\/\/www.set.ch\/it\/t-box-kurse\/t-box-zyklus-1\/","title":{"rendered":"T-BOX Zyklus 1"},"content":{"rendered":"<p style=\"font-size: 20px;\">F\u00fcr Kinder, die kein Angebot der familienerg\u00e4nzenden Betreuung besucht haben, ist der Kinder\u00adgarten oftmals der erste Ort, an dem sie eine breite Vielfalt von Kindern pers\u00f6nlich kennenlernen. Die Kindergartenlehrpersonen ihrerseits sind mit einer grossen Heterogenit\u00e4t innerhalb der Kindergruppe konfrontiert. Aus diesem Grund sind wir \u00fcberzeugt, dass die Toleranzbox auch im Kindergarten und im Zyklus 1 ein tolles Arbeitsinstrument ist, um mit den Kindern \u00fcber Gemeinsamkeiten und Unterschiede ins Gespr\u00e4ch zu kommen.<\/p>\n<p>&nbsp;<\/p>\n<p>Das \u00abProgramm Toleranzbox\u00bb verfolgt mit seinem Aufbau eine lang\u00adfristi\u00adge Sensibili\u00adsie\u00adrung von Lehrpersonen im Zyklus 1. Es soll sie bei der Ent\u00adwicklung einer vielfalt\u00ads\u00adensiblen Haltung unterst\u00fctzen, um diese den Sch\u00fcler:innen weitergeben zu k\u00f6nnen. Sie sollen Vielfalt m\u00f6glichst ganzheitlich und entwicklungsangemessen erleben.<\/p>\n<p>&nbsp;<\/p>\n<p>Ziel ist ein angst\u00adfreier und wertsch\u00e4tzender Umgang mit Vielfalt.<\/p>\n<p>&nbsp;<\/p>\n<p>Die Sch\u00fcler:innen m\u00fcssen die M\u00f6glichkeit haben, zu partizipieren, Vielfalt zum Thema zu machen und das Alltagsgeschehen gemeinsam mit andern Gruppen\u00admit\u00adgliedern zu gestalten. So lernen sie, offen und ohne Angst mit Verschiedenheit umzugehen (vgl. Kron, 2011). Ziel der Lehrpersonen muss es demnach sein, die Sch\u00fcler:innen in die aktive Auseinandersetzung mit Vielfalt zu bringen.<\/p>\n<p>&nbsp;<\/p>\n<p>Daf\u00fcr finden die Lehrpersonen Impulse zur Reflexion und Haltungs\u00adent\u00adwicklung. Das Programm beinhaltet zudem konkrete Vorschl\u00e4ge zur Umsetzung: Die Materialien in der Toleranzbox, die Praxisbeispiele im Handbuch und die Ideenkarten pr\u00e4sentieren konkrete, handlungs- und alltagsorientierte Umsetzungsm\u00f6glichkeiten.<\/p>\n<p>&nbsp;<\/p>\n<p>Die Ausrichtung und Gestaltung aller Bestandteile der Toleranzbox sind bewusst gew\u00e4hlt und konstruiert, um die Lehrpersonen dabei zu unter\u00adst\u00fctzen, die vielfalts\u00adbezogenen Anteile und Kompetenzen des Lehrplans umzusetzen.<\/p>\n<p>&nbsp;<\/p>\n<p>Die Unterrichtsideen setzen an der Logik eines fachlichen und \u00fcberfachlichen Lernens zur Herausbildung derjenigen Kompetenzen an, welche n\u00f6tig sind f\u00fcr ein respektvolles, tolerantes und wertsch\u00e4tzendes Zusammenleben in einer vielf\u00e4ltigen Gesellschaft. Insofern k\u00f6nnen Lehrpersonen durch die Arbeit mit den Bestandteilen des \u00abProgramms Toleranzbox\u00bb die Leitidee einer Bildung f\u00fcr eine Nachhaltige Entwicklung umsetzen, wobei insbesondere die f\u00e4cher\u00fcbergreifenden Themen \u00abGeschlecht und Gleichstellung\u00bb sowie \u00abkulturelle Identit\u00e4ten und interkulturelle Verst\u00e4ndigung\u00bb fokussiert werden.<\/p>\n<div class=\"testimonils-slider-wrap\">\n<h3 class=\"testimonils-title\"><\/h3>\n<ul class=\"testimonils-slider js-testimonils-slider\">\n<li>Macht ein Kind schon in jungen Jahren positive Erfahrungen mit Vielfalt, lernt es, diese als selbstverst\u00e4ndlich zu erleben und erh\u00e4lt zudem die Gelegenheit, sich im empathischen Umgang mit Menschen zu \u00fcben.<\/li>\n<\/ul>\n<div class=\"slider-controls\"><\/div>\n<\/div>\n<h3>Weiterbildungskurs<\/h3>\n<p>Vorurteilsbewusst Unterrichten mit der Lernumgebung der Toleranzbox.<\/p>\n<p>&nbsp;<\/p>\n<p><a class=\"btn-green\" href=\"https:\/\/www.set.ch\/t-box-kurse\/t-box-kindergarten\/\" target=\"_blank\" rel=\"noopener\">Kurse T-BOX<\/a><\/p>\n<p>&nbsp;<\/p>\n<h3>Quellen, Links und Unterrichtsmaterialien f\u00fcr die Kindergartenstufe<\/h3>\n<p>&nbsp;<\/p>\n<p><a class=\"btn-green\" href=\"https:\/\/www.set.ch\/t-box-kurse\/t-box-kindergarten\/quellen-links-unterrichtsmaterialien\/\" target=\"_blank\" rel=\"noopener\">Mehr Infos hier<\/a><\/p>\n<p>&nbsp;<\/p>\n<h3>World Didac Award 2023<\/h3>\n<p>Am 22.11.2023 hat die internationale Expert:innenjury der World Didac Association in Bern die T-BOX Zyklus 1 als \u201ebesonders lobenswertes Lehrmittel ausgezeichnet, das f\u00fcr den Gebrauch in Schulen \u00fcberaus geeignet ist.\u201c Wir freuen uns \u00fcber diese Wertsch\u00e4tzung.<\/p>\n<p><a href=\"https:\/\/www.set.ch\/wp-content\/uploads\/2024\/02\/WDA-WINNER-2023-Logo.jpeg\"><img loading=\"lazy\" decoding=\"async\" class=\"alignnone wp-image-7452 size-full\" src=\"https:\/\/www.set.ch\/wp-content\/uploads\/2024\/02\/WDA-WINNER-2023-Logo-e1708501601186.jpeg\" alt=\"\" width=\"184\" height=\"180\" \/><\/a><\/p>\n<h3>Flyers Download<\/h3>\n<p>&nbsp;<\/p>\n<p><a href=\"https:\/\/www.set.ch\/wp-content\/uploads\/2024\/02\/SET_T-BOX_Flyer_Zyklus_1-2024.pdf\" target=\"_blank\" rel=\"noopener\"><img loading=\"lazy\" decoding=\"async\" class=\"alignleft wp-image-7466 size-medium\" src=\"https:\/\/www.set.ch\/wp-content\/uploads\/2024\/02\/Flyer-T-Box-Zyklus-1_website-300x212.jpg\" alt=\"\" width=\"300\" height=\"212\" srcset=\"https:\/\/www.set.ch\/wp-content\/uploads\/2024\/02\/Flyer-T-Box-Zyklus-1_website-300x212.jpg 300w, https:\/\/www.set.ch\/wp-content\/uploads\/2024\/02\/Flyer-T-Box-Zyklus-1_website-1024x724.jpg 1024w, https:\/\/www.set.ch\/wp-content\/uploads\/2024\/02\/Flyer-T-Box-Zyklus-1_website-768x543.jpg 768w, https:\/\/www.set.ch\/wp-content\/uploads\/2024\/02\/Flyer-T-Box-Zyklus-1_website-1536x1086.jpg 1536w, https:\/\/www.set.ch\/wp-content\/uploads\/2024\/02\/Flyer-T-Box-Zyklus-1_website-2048x1448.jpg 2048w\" sizes=\"auto, (max-width: 300px) 100vw, 300px\" \/><\/a><\/p>\n<p>&nbsp;<\/p>\n<p>&nbsp;<\/p>\n<p>&nbsp;<\/p>\n<p>&nbsp;<\/p>\n<p>&nbsp;<\/p>\n<p>&nbsp;<\/p>\n<p>&nbsp;<\/p>\n<p><a href=\"https:\/\/www.set.ch\/wp-content\/uploads\/2024\/02\/T-Box_Uebersicht_A3_Zyklus-1.pdf\" target=\"_blank\" rel=\"noopener\"><img loading=\"lazy\" decoding=\"async\" class=\"alignleft wp-image-7479 size-medium\" src=\"https:\/\/www.set.ch\/wp-content\/uploads\/2024\/02\/T-Box_Uebersicht_A3_Zyklus-1-300x212.jpg\" alt=\"\" width=\"300\" height=\"212\" srcset=\"https:\/\/www.set.ch\/wp-content\/uploads\/2024\/02\/T-Box_Uebersicht_A3_Zyklus-1-300x212.jpg 300w, https:\/\/www.set.ch\/wp-content\/uploads\/2024\/02\/T-Box_Uebersicht_A3_Zyklus-1-1024x724.jpg 1024w, https:\/\/www.set.ch\/wp-content\/uploads\/2024\/02\/T-Box_Uebersicht_A3_Zyklus-1-768x543.jpg 768w, https:\/\/www.set.ch\/wp-content\/uploads\/2024\/02\/T-Box_Uebersicht_A3_Zyklus-1-1536x1086.jpg 1536w, https:\/\/www.set.ch\/wp-content\/uploads\/2024\/02\/T-Box_Uebersicht_A3_Zyklus-1-2048x1448.jpg 2048w\" sizes=\"auto, (max-width: 300px) 100vw, 300px\" \/><\/a><\/p>\n<p>&nbsp;<\/p>\n<p>&nbsp;<\/p>\n<p>&nbsp;<\/p>\n<p>&nbsp;<\/p>\n<p>&nbsp;<\/p>\n<p>&nbsp;<\/p>\n<style>\nh1.text-page-header {font-size:48px;font-weight:700;color:#A5A6C8;}\n.container-content h3 {font-size:24px;font-weight:700;color:#A5A6C8;}\na.btn-green {700;color:#A5A6C8;border:1px solid #A5A6C8}\na.btn-green:hover {color:white; background-color:#A5A6C8;}\n<\/style>\n","protected":false},"excerpt":{"rendered":"<p>F\u00fcr Kinder, die kein Angebot der familienerg\u00e4nzenden Betreuung besucht haben, ist der Kinder\u00adgarten oftmals der erste Ort, an dem sie eine breite Vielfalt von Kindern pers\u00f6nlich kennenlernen. Die Kindergartenlehrpersonen ihrerseits sind mit einer grossen Heterogenit\u00e4t innerhalb der Kindergruppe konfrontiert. Aus<span class=\"read-more-cbtn\"> [weiterlesen]<\/span><\/p>\n","protected":false},"author":7,"featured_media":0,"parent":5409,"menu_order":12,"comment_status":"closed","ping_status":"closed","template":"page-templates\/full-width-page.php","meta":{"inline_featured_image":false,"footnotes":""},"class_list":["post-7423","page","type-page","status-publish","hentry"],"aioseo_notices":[],"_links":{"self":[{"href":"https:\/\/www.set.ch\/it\/wp-json\/wp\/v2\/pages\/7423","targetHints":{"allow":["GET"]}}],"collection":[{"href":"https:\/\/www.set.ch\/it\/wp-json\/wp\/v2\/pages"}],"about":[{"href":"https:\/\/www.set.ch\/it\/wp-json\/wp\/v2\/types\/page"}],"author":[{"embeddable":true,"href":"https:\/\/www.set.ch\/it\/wp-json\/wp\/v2\/users\/7"}],"replies":[{"embeddable":true,"href":"https:\/\/www.set.ch\/it\/wp-json\/wp\/v2\/comments?post=7423"}],"version-history":[{"count":42,"href":"https:\/\/www.set.ch\/it\/wp-json\/wp\/v2\/pages\/7423\/revisions"}],"predecessor-version":[{"id":7492,"href":"https:\/\/www.set.ch\/it\/wp-json\/wp\/v2\/pages\/7423\/revisions\/7492"}],"up":[{"embeddable":true,"href":"https:\/\/www.set.ch\/it\/wp-json\/wp\/v2\/pages\/5409"}],"wp:attachment":[{"href":"https:\/\/www.set.ch\/it\/wp-json\/wp\/v2\/media?parent=7423"}],"curies":[{"name":"wp","href":"https:\/\/api.w.org\/{rel}","templated":true}]}}