{"id":7304,"date":"2023-11-07T09:33:34","date_gmt":"2023-11-07T08:33:34","guid":{"rendered":"https:\/\/www.set.ch\/?page_id=7304"},"modified":"2023-11-07T09:33:34","modified_gmt":"2023-11-07T08:33:34","slug":"jenische-sinti-roma-zuwenig-bekannte-minderheiten-in-der-schweiz","status":"publish","type":"page","link":"https:\/\/www.set.ch\/it\/jenische-sinti-roma-zuwenig-bekannte-minderheiten-in-der-schweiz\/","title":{"rendered":"Jenische, Sinti, Roma &#8211; Zuwenig bekannte Minderheiten in der Schweiz"},"content":{"rendered":"<p style=\"font-size: 18px;\">In enger Zusammenarbeit mit:<\/p>\n<p style=\"font-size: 18px;\"><a href=\"https:\/\/www.set.ch\/wp-content\/uploads\/2023\/03\/PH-Zurich-Logo.jpeg\" target=\"_blank\" rel=\"https:\/\/phzh.ch\/en\/ noopener\"><img loading=\"lazy\" decoding=\"async\" class=\"alignnone wp-image-6497\" src=\"https:\/\/www.set.ch\/wp-content\/uploads\/2023\/03\/PH-Zurich-Logo-300x157.jpeg\" alt=\"\" width=\"200\" height=\"105\" srcset=\"https:\/\/www.set.ch\/wp-content\/uploads\/2023\/03\/PH-Zurich-Logo-300x157.jpeg 300w, https:\/\/www.set.ch\/wp-content\/uploads\/2023\/03\/PH-Zurich-Logo.jpeg 500w\" sizes=\"auto, (max-width: 200px) 100vw, 200px\" \/><\/a><\/p>\n<h2>Ein rassismuskritisches Lehrmittel f\u00fcr die Primarschule \/ Zyklus 2<\/h2>\n<p style=\"font-size: 18px;\">Das Lehrmittel orientiert sich an der Mehrperspektivit\u00e4t und f\u00f6rdert bei den Sch\u00fclerinnen und Sch\u00fclern die F\u00e4higkeit und den Willen zum Perspektivenwechsel. Es stellt sich in die Tradition des gesellschaftlichen Lernens auf der Primarstufe, bei dem die Bef\u00e4higung zu respektvollem Umgang und die Sensibilisierung f\u00fcr die kulturelle und gesellschaftliche Vielfalt in der Schweiz im Zentrum stehen.<\/p>\n<div class=\"testimonils-slider-wrap\">\n<ul class=\"testimonils-slider js-testimonils-slider\">\n<li>\n<h3 class=\"testimonils-title\">Eva Moser, Jenische<\/h3>\n<div>Es hiess, wir seien anders und schlecht und wir w\u00fcrden immer herumreisen: das sei nicht normal.<\/div>\n<\/li>\n<li>\n<h3 class=\"testimonils-title\">Amela, Romni<\/h3>\n<div>Es ist krass, dass wir Menschen Gruppierungen machen und meinen, die Gruppe, zu der man geh\u00f6rt, sei die beste.<\/div>\n<\/li>\n<li>\n<h3 class=\"testimonils-title\">Jakub, Sinto<\/h3>\n<div>Wenn wir auf der Reise sind, gehen die Erwachsenen arbeiten. Wir sagen dem hausieren.<\/div>\n<\/li>\n<li>\n<h3 class=\"testimonils-title\">Calvin, Jenischer<\/h3>\n<div>Die Games, die ich gerne spiele, sind Jagd-Games, Fortnite und Fifa, das ist ein Fussballspiel.<\/div>\n<\/li>\n<li>\n<h3 class=\"testimonils-title\">Seraphina, Sintezza<\/h3>\n<div>Von den Sinti erz\u00e4hle ich meinen Freundinnen nicht, weil ich mich ein wenig sch\u00e4me.<\/div>\n<\/li>\n<li>\n<h3 class=\"testimonils-title\">Tosca Kappeler, Sintezza<\/h3>\n<div>In der Hitlerzeit ist unser Volk verfolgt worden. Die ganze Verwandschaft v\u00e4terlicherseits hat gelitten.<\/div>\n<\/li>\n<li>\n<h3 class=\"testimonils-title\">Hasan und Hysen, Roma-Zwillinge<\/h3>\n<div>Unser Vater hat immer gesagt: Wir sind stolze Roma. Wir haben es nie versteckt.<\/div>\n<\/li>\n<li>\n<h3 class=\"testimonils-title\">Hans Nobel, Jenischer<\/h3>\n<div>Nach dem Lehrabschluss mit dem F\u00e4higkeitszeugnis habe ich in mehreren Erstklasshotels arbeiten k\u00f6nnen und dort auch Lehrlinge ausgebildet.<\/div>\n<\/li>\n<li>\n<h3 class=\"testimonils-title\">Marco, Rom<\/h3>\n<div>In mir ist halt tief drinnen noch eine gewisse Angst, dass man negativ auf meine Herkunft reagieren k\u00f6nnte.<\/div>\n<\/li>\n<\/ul>\n<div class=\"slider-controls\">\n<p>&nbsp;<\/p>\n<div class=\"slide-m-dots\"><\/div>\n<p>&nbsp;<\/p>\n<\/div>\n<\/div>\n<div class=\"gallery-wrap\">\n<div class=\"gallery js-gallery\">\n<div><img decoding=\"async\" src=\"https:\/\/www.set.ch\/wp-content\/uploads\/2023\/02\/DSC7345\u00a9AyseYavas2022-scaled.jpg\" alt=\"\" \/><\/div>\n<div><img decoding=\"async\" src=\"https:\/\/www.set.ch\/wp-content\/uploads\/2023\/02\/DSC8323\u00a9AyseYavas2022-scaled.jpg\" alt=\"\" \/><\/div>\n<div><img decoding=\"async\" src=\"https:\/\/www.set.ch\/wp-content\/uploads\/2023\/02\/ROT3093.jpg\" alt=\"\" \/><\/div>\n<div><img decoding=\"async\" src=\"https:\/\/www.set.ch\/wp-content\/uploads\/2023\/02\/Calvin-mit-Papagei.jpg\" alt=\"\" \/><\/div>\n<div><img decoding=\"async\" src=\"https:\/\/www.set.ch\/wp-content\/uploads\/2023\/02\/DSC_0965\u00a9AyseYavas2022-scaled.jpg\" alt=\"\" \/><\/div>\n<div><img decoding=\"async\" src=\"https:\/\/www.set.ch\/wp-content\/uploads\/2023\/02\/DSC_8616\u00a9AyseYavas2022-scaled.jpg\" alt=\"\" \/><\/div>\n<div><img decoding=\"async\" src=\"https:\/\/www.set.ch\/wp-content\/uploads\/2023\/02\/DSC_8872\u00a9AyseYavas2022-scaled.jpg\" alt=\"\" \/><\/div>\n<\/div>\n<div class=\"slider-controls\">\n<p>&nbsp;<\/p>\n<div class=\"slide-m-dots\"><\/div>\n<p>&nbsp;<\/p>\n<\/div>\n<\/div>\n<h2>Das Lehrmittel<\/h2>\n<p style=\"font-size: 18px;\">Die von der P\u00e4dagogischen Hochschule Z\u00fcrich entwickelten und in der Primarschule getesteten Lernaufgaben f\u00f6rdern die schrittweise Erarbeitung der NMG und BNE Kompetenzen. Das Gewicht liegt auf den Lebenserfahrungen von Angeh\u00f6rigen der drei Minderheiten. Fokussiert wird die gelebte Gegenwart, zu der allerdings auch die Gewalterfahrung der Vergangenheit geh\u00f6rt. Somit kommt auch die historische Dimension des Umgangs mit den Minderheiten auf dem Gebiet der heutigen Schweiz zur Sprache.<\/p>\n<h3>Lernmethoden<\/h3>\n<p style=\"font-size: 18px;\">Die Sch\u00fclerinnen und Sch\u00fcler lernen, Beleidi\u00adgung\u00aden und Diskriminierungen aufgrund ethnischer Zugeh\u00f6rigkeit, kultureller Zuordnungen oder der \u00e4usseren Erscheinung zu erkennen. Sie werden dazu ermutigt, Stellung zu beziehen und verbale Gewalt und gesellschaftliche Ausgrenzung abzuwehren.<br \/>\nAlle neun Biografien liegen auch sprachentlastet vor.<\/p>\n<ul style=\"font-size: 18px;\">\n<li>Kooperative Lernformen wie reziprokes Lesen, Think\u2013Pair\u2013Share, Placemat, Rollenspiele u.a.<\/li>\n<li>Philosophische Gespr\u00e4che<\/li>\n<li>Arbeit mit Bildern und Texten<\/li>\n<li>Arbeit mit Mindmaps, Tabellen und Diagrammen<\/li>\n<li>Arbeit mit einer Vergleichstabelle, um strukturelle Systematiken zu erkennen<\/li>\n<li>Methoden zur Ein\u00fcbung des Perspektivenwechsels<\/li>\n<li>Unterrichtssettings zur F\u00f6rderung der Reflexionsf\u00e4higkeit (Dialog mit sich selber und mit anderen)<\/li>\n<\/ul>\n<h3>Download Lehrmittel<\/h3>\n<p><strong><a style=\"font-size: 18px;\" href=\"https:\/\/bit.ly\/jsr_zip\" target=\"_blank\" rel=\"noopener\"><span style=\"text-decoration: underline;\">Gesamtes Lehrmittel als ZIP File herunterladen (65 MB)<\/span><\/a><\/strong><\/p>\n<p style=\"font-size: 18px;\">Einzelne Kapitel herunterladen:<\/p>\n<p><a style=\"font-size: 18px;\" href=\"https:\/\/bit.ly\/jsr_00\" target=\"_blank\" rel=\"noopener\">00 Didaktische Einf\u00fchrung<\/a><br \/>\n<a style=\"font-size: 18px;\" href=\"https:\/\/bit.ly\/setjsr_01\" target=\"_blank\" rel=\"noopener\">01 Einleitung<\/a><br \/>\n<a style=\"font-size: 18px;\" href=\"https:\/\/bit.ly\/jsr_02\" target=\"_blank\" rel=\"noopener\">02 Querschnittsthemen<\/a><br \/>\n<a style=\"font-size: 18px;\" href=\"https:\/\/bit.ly\/jsr_03\" target=\"_blank\" rel=\"noopener\">03 Eva Moser<\/a><br \/>\n<a style=\"font-size: 18px;\" href=\"https:\/\/bit.ly\/jsr_04\" target=\"_blank\" rel=\"noopener\">04 Amela<\/a><br \/>\n<a style=\"font-size: 18px;\" href=\"https:\/\/bit.ly\/jsr_05\" target=\"_blank\" rel=\"noopener\">05 Jakub<\/a><br \/>\n<a style=\"font-size: 18px;\" href=\"https:\/\/bit.ly\/jsr_06\" target=\"_blank\" rel=\"noopener\">06 Calvin<\/a><br \/>\n<a style=\"font-size: 18px;\" href=\"https:\/\/bit.ly\/jsr_07\" target=\"_blank\" rel=\"noopener\">07 Seraphina<\/a><br \/>\n<a style=\"font-size: 18px;\" href=\"https:\/\/bit.ly\/jsr_08\" target=\"_blank\" rel=\"noopener\">08 Tosca Kappeler<\/a><br \/>\n<a style=\"font-size: 18px;\" href=\"https:\/\/bit.ly\/jsr_09\" target=\"_blank\" rel=\"noopener\">09 Hasan und Hysen-Mustafa<\/a><br \/>\n<a style=\"font-size: 18px;\" href=\"https:\/\/bit.ly\/jsr_10\" target=\"_blank\" rel=\"noopener\">10 Hans Nobel<\/a><br \/>\n<a style=\"font-size: 18px;\" href=\"https:\/\/bit.ly\/jsr_11\" target=\"_blank\" rel=\"noopener\">11 Marco<\/a><br \/>\n<a style=\"font-size: 18px;\" href=\"https:\/\/bit.ly\/jsr_12\" target=\"_blank\" rel=\"noopener\">12 Sachinformationen<\/a><\/p>\n<h2>Begleitpublikation<\/h2>\n<p style=\"font-size: 18px;\">\u00abJenische &#8211; Sinti &#8211; Roma. Zu wenig bekannte Minderheiten in der Schweiz\u00bb<br \/>\nHrsg: Arbeitsgruppe \u00abJenische-Sinti-Roma\u00bb. 160 Seiten, M\u00fcnster<br \/>\nVerlag, Z\u00fcrich, ISBN 978-907301-54-8. Preis: 29 Franken<\/p>\n<p><a class=\"https:\/\/www.set.ch\/wp-content\/uploads\/2023\/03\/SET_T-BOX_Flyer_J-S-R_web.pdf\" href=\"https:\/\/www.set.ch\/wp-content\/uploads\/2023\/03\/Flyer-SET-Jenische-Sinti-Roma-v3.jpg\" target=\"_blank\" rel=\"noopener\"><img loading=\"lazy\" decoding=\"async\" class=\"alignnone wp-image-6514\" src=\"https:\/\/www.set.ch\/wp-content\/uploads\/2023\/03\/Flyer-SET-Jenische-Sinti-Roma-v3.jpg\" alt=\"\" width=\"600\" height=\"425\" srcset=\"https:\/\/www.set.ch\/wp-content\/uploads\/2023\/03\/Flyer-SET-Jenische-Sinti-Roma-v3.jpg 2106w, https:\/\/www.set.ch\/wp-content\/uploads\/2023\/03\/Flyer-SET-Jenische-Sinti-Roma-v3-300x212.jpg 300w, https:\/\/www.set.ch\/wp-content\/uploads\/2023\/03\/Flyer-SET-Jenische-Sinti-Roma-v3-1024x724.jpg 1024w, https:\/\/www.set.ch\/wp-content\/uploads\/2023\/03\/Flyer-SET-Jenische-Sinti-Roma-v3-768x543.jpg 768w, https:\/\/www.set.ch\/wp-content\/uploads\/2023\/03\/Flyer-SET-Jenische-Sinti-Roma-v3-1536x1087.jpg 1536w, https:\/\/www.set.ch\/wp-content\/uploads\/2023\/03\/Flyer-SET-Jenische-Sinti-Roma-v3-2048x1449.jpg 2048w\" sizes=\"auto, (max-width: 600px) 100vw, 600px\" \/><\/a><\/p>\n<h2>Medienhinweis<\/h2>\n<p style=\"font-size: 18px;\">Das Nachrichtenmagazin 10 vor 10 vom Schweizer Fernsehen hat am 19.04.2023 einen Beitrag \u00fcber das neue Lehrmittel ausgestrahlt.<\/p>\n<p><iframe loading=\"lazy\" src=\"https:\/\/www.srf.ch\/play\/embed?urn=urn:srf:video:e61126a7-a4b2-4f7d-b1c5-4d98d784e680\" width=\"560\" height=\"315\" allowfullscreen=\"allowfullscreen\" data-mce-fragment=\"1\"><\/iframe><\/p>\n<h2>Impressum<\/h2>\n<p style=\"font-size: 18px;\">Herausgeber: Arbeitsgruppe \u201eJenische-Sinti-Roma\u201c, bestehend aus folgenden Angeh\u00f6rigen der Minderheiten und Mitgliedern von NGOs: Mo Diener, Miryam Eser Davolio, Stefan Heinichen, Angela Mattli, Venanz Nobel, Marianne Perroud Naterop, Willi Wottreng (Leitung); in Zusammenarbeit mit dem Team der P\u00e4dagogischen Hochschule Z\u00fcrich PHZH: Prof. Dr. Christian Mathis, Nicole Eilinger, Sonja Vukmirovi\u0107.<\/p>\n<h2>Fotografien<\/h2>\n<p style=\"font-size: 18px;\">Ayse Yavas, Zu\u0308rich, <a href=\"http:\/\/www.ayseyavas.ch\/\" target=\"_blank\" rel=\"noopener\" data-saferedirecturl=\"https:\/\/www.google.com\/url?q=http:\/\/www.ayseyavas.ch&amp;source=gmail&amp;ust=1676715144640000&amp;usg=AOvVaw0aS0kAnu8vTUqaDu0TyYZ3\">www.ayseyavas.ch<\/a> (Portr\u00e4ts von Eva Moser, Seraphina und Tosca Kappeler, Hasan und Hysen Mustafa, Hans Nobel)<br \/>\nFranziska Rothenbu\u0308hler, Bern, <a href=\"http:\/\/www.franziska-rothenbhler.format.com\/\" target=\"_blank\" rel=\"noopener\" data-saferedirecturl=\"https:\/\/www.google.com\/url?q=http:\/\/www.franziska-rothenbhler.format.com&amp;source=gmail&amp;ust=1676715144640000&amp;usg=AOvVaw1QgXjSxIQc3_CtAO9ChrFy\">www.franziska-rothenbhler.<wbr \/>format.com<\/a> (Portr\u00e4t von Jakub Winter)<br \/>\nWeitere Bilder: Familienarchive<\/p>\n<h2>Grafische Gestaltung<\/h2>\n<p style=\"font-size: 18px;\">Andr\u00e9 Meier und Franziska Kolb, Luzern, <a href=\"http:\/\/www.meierkolb.ch\/\" target=\"_blank\" rel=\"noopener\" data-saferedirecturl=\"https:\/\/www.google.com\/url?q=http:\/\/www.meierkolb.ch&amp;source=gmail&amp;ust=1676715144640000&amp;usg=AOvVaw3oCL2LtmS_GXJ6B15rCjvs\">www.meierkolb.ch<\/a><br \/>\nLea H\u00e4fliger, Luzern<\/p>\n<h2>Korrektorat<\/h2>\n<p style=\"font-size: 18px;\">Gertrud Germann, Z\u00fcrich, <a href=\"http:\/\/www.germann-korrektorat.ch\/\" target=\"_blank\" rel=\"noopener\" data-saferedirecturl=\"https:\/\/www.google.com\/url?q=http:\/\/www.germann-korrektorat.ch&amp;source=gmail&amp;ust=1676715144640000&amp;usg=AOvVaw0WIm9vdiGBCeVBwBsuzJmA\">www.germann-korrektorat.ch<\/a><\/p>\n<p style=\"font-size: 18px;\">Ein besonderer Dank geht an die portr\u00e4tierten Jenischen, Roma- und Sinti-Angeh\u00f6rigen, die bei der Erarbeitung von Text und Bild verantwortlich mitwirkten.<\/p>\n<h2>Einzelne Mitwirkende<\/h2>\n<p style=\"font-size: 18px;\">Durch Eigenleistungen zum Projekt materiell beigetragen haben:<\/p>\n<p style=\"font-size: 18px;\">Gesellschaft f\u00fcr bedrohte V\u00f6lker<br \/>\nM\u00fcnster Verlag, Mathias Ackeret<br \/>\nP\u00e4dagogische Hochschule Z\u00fcrich PHZ<br \/>\nRadgenossenschaft der Landstrasse<br \/>\nKorrektorat Gertrud Germann<\/p>\n<p>&nbsp;<\/p>\n<h2>Sponsoren<\/h2>\n","protected":false},"excerpt":{"rendered":"<p>In enger Zusammenarbeit mit: Ein rassismuskritisches Lehrmittel f\u00fcr die Primarschule \/ Zyklus 2 Das Lehrmittel orientiert sich an der Mehrperspektivit\u00e4t und f\u00f6rdert bei den Sch\u00fclerinnen und Sch\u00fclern die F\u00e4higkeit und den Willen zum Perspektivenwechsel. Es stellt sich in die Tradition<span class=\"read-more-cbtn\"> [weiterlesen]<\/span><\/p>\n","protected":false},"author":7,"featured_media":0,"parent":0,"menu_order":23,"comment_status":"closed","ping_status":"closed","template":"page-templates\/page-single-signup.php","meta":{"inline_featured_image":false,"footnotes":""},"class_list":["post-7304","page","type-page","status-publish","hentry"],"aioseo_notices":[],"_links":{"self":[{"href":"https:\/\/www.set.ch\/it\/wp-json\/wp\/v2\/pages\/7304","targetHints":{"allow":["GET"]}}],"collection":[{"href":"https:\/\/www.set.ch\/it\/wp-json\/wp\/v2\/pages"}],"about":[{"href":"https:\/\/www.set.ch\/it\/wp-json\/wp\/v2\/types\/page"}],"author":[{"embeddable":true,"href":"https:\/\/www.set.ch\/it\/wp-json\/wp\/v2\/users\/7"}],"replies":[{"embeddable":true,"href":"https:\/\/www.set.ch\/it\/wp-json\/wp\/v2\/comments?post=7304"}],"version-history":[{"count":1,"href":"https:\/\/www.set.ch\/it\/wp-json\/wp\/v2\/pages\/7304\/revisions"}],"predecessor-version":[{"id":7324,"href":"https:\/\/www.set.ch\/it\/wp-json\/wp\/v2\/pages\/7304\/revisions\/7324"}],"wp:attachment":[{"href":"https:\/\/www.set.ch\/it\/wp-json\/wp\/v2\/media?parent=7304"}],"curies":[{"name":"wp","href":"https:\/\/api.w.org\/{rel}","templated":true}]}}