{"id":5334,"date":"2021-05-20T09:13:10","date_gmt":"2021-05-20T07:13:10","guid":{"rendered":"https:\/\/www.set.ch\/?page_id=5334"},"modified":"2026-03-31T10:14:25","modified_gmt":"2026-03-31T08:14:25","slug":"t-box-kindergarten","status":"publish","type":"page","link":"https:\/\/www.set.ch\/it\/t-box-kurse\/t-box-kindergarten\/","title":{"rendered":"T-BOX Kindergarten"},"content":{"rendered":"<p style=\"font-size: 20px;\">Zur Sensibilisierung der Lehrpersonen und zur Einf\u00fchrung in die p\u00e4dagogische Arbeit mit der Toleranzbox bietet die SET eine Weiterbildung an. Diese gibt konkrete Inputs, Unterst\u00fctzung und Ideen, wie Lehrpersonen das Thema im Kindergarten- und im Schulalltag auf\u00adgreifen, mit den Kindern thematisieren und sie daf\u00fcr sensibilisieren k\u00f6nnen. Dabei orientiert sich der Kurs an den Bildungszielen der Schule gem\u00e4ss Lehrplan 21, setzt bei den darin aufgef\u00fchrten Kompetenzen an und ber\u00fccksichtigt alle f\u00fcr die Kinder\u00adgartenstufe wichtigen entwicklungs\u00adorientierten Zug\u00e4nge.<\/p>\n<h3>Kursziele<\/h3>\n<p>Lehrpersonen k\u00f6nnen nach diesem Kurs:<\/p>\n<ul>\n<li>verschiedene Aspekte von Vielfalt im Kindergarten beschreiben und reflektieren.<\/li>\n<li>die Vielfalt der Kinder und ihrer Familien als Ressource f\u00fcr die Lernumgebung im Kindergarten nutzen.<\/li>\n<li>die Gespr\u00e4che mit Kindern zu Gemeinsamkeiten und Unterschiede proaktiv und p\u00e4dagogisch sinnvoll f\u00fchren und damit eine offene und akzeptierende Lernatmosph\u00e4re schaffen.<\/li>\n<li>die Gespr\u00e4che \u00fcber gesellschaftliche und individuelle Vielfalt mit Eltern und weiteren Bezugspersonen initiieren \u2013 auch wenn diese eine abweichende Haltung zum Toleranzverst\u00e4ndnis des Kollegiums haben.<\/li>\n<\/ul>\n<h3>Kursinhalte<\/h3>\n<p>Der Kurs sensibilisiert Lehrpersonen auf den wertsch\u00e4tzenden Umgang mit Vielfalt. Dabei stehen gezielten Anregungen f\u00fcr das entwicklungsangemessene Erleben und Thematisieren von Vielfalt mit den Kindern im Vordergrund. Die Inhalte des Kurses lassen sich insbesondere in den Fachbereichen Sprache und NMG (Natur, Mensch, Gesellschaft) verorten, beziehen die \u00fcberfachlichen Kompetenzen (personale, soziale, methodische) mit ein und greifen wichtige Aspekte der Bildung f\u00fcr nachhaltige Entwicklung auf (\u201eKulturelle Identit\u00e4ten und interkulturelle Verst\u00e4ndigung\u201c sowie \u201ePolitik, Demokratie und Menschenrechte\u201c).<\/p>\n<p>Bisher haben Kurse im Auftrag der Volksschul\u00e4mter Basel, St.Gallen, Wallis und an den Schulen in Allschwil, Grenchen, Riehen, Z\u00fcrich stattgefunden. Ausgeschreiben war der Kurs auch an den P\u00e4dagogischen Hochschulen FHNW, Zug und f\u00fcr die ZAL und die swch.<\/p>\n<h3>Aktuelle Kurse<\/h3>\n<p><a href=\"https:\/\/www.phbern.ch\/weiterbildung\/21345394-wie-erleben-kinder-unterschiede-im-alltag\" target=\"_blank\" rel=\"nofollow noopener\">Kurs an der PH Bern<\/a><br \/>\n<a href=\"https:\/\/www.unifr.ch\/formcont\/fr\/edu\/prestations\/3872\" target=\"_blank\" rel=\"noopener nofollow\">Kurs f\u00fcr Lehrpersonen in Kanton Freiburg<\/a><br \/>\n<a href=\"https:\/\/hepfr.ch\/de\/formation-continue\/prestations\/wertschaetzender-umgang-mit-vielfalt-mittels-der-t-box\/\" target=\"_blank\" rel=\"noopener nofollow\">Anfrage f\u00fcr Schulinterne Weiterbildungen im Kanton Freiburg<\/a><br \/>\n<a href=\"https:\/\/phgr.ch\/weiterbildungen\/a26s43013891\" target=\"_blank\" rel=\"noopener nofollow\">Kurs f\u00fcr Lehrpersonen im Kanton Graub\u00fcnden &#8211; zweisprachig deutsch und romanisch<\/a><br \/>\n<a href=\"https:\/\/ar.ch\/fileadmin\/user_upload\/Departement_Bildung_Kultur\/Amt_fuer_Volksschule\/Weiterbildung\/Wertschaetzender_Umgang_mit_Vielfalt_und_Rassismuspraevention.pdf\" target=\"_blank\" rel=\"noopener nofollow\">Kurs f\u00fcr Lehrpersonen im Kanton Appenzell<\/a><\/p>\n<h3>Holkurse f\u00fcr Lehrpersonen Zyklus 1<\/h3>\n<style>\nh1.page-title {<br \/>\nfont-size:28px;<br \/>\nfont-weight:700;<br \/>\ncolor:#A5A6C8;<br \/>\ntext-align:center;<br \/>\n}<br \/>\nh3 {font-size:24px !important;font-weight:700 !important;color:#A5A6C8 !important;}<br \/>\ndiv.mb-10 {font-weight:700 !important;}<br \/>\n<\/style>\n","protected":false},"excerpt":{"rendered":"<p>Zur Sensibilisierung der Lehrpersonen und zur Einf\u00fchrung in die p\u00e4dagogische Arbeit mit der Toleranzbox bietet die SET eine Weiterbildung an. Diese gibt konkrete Inputs, Unterst\u00fctzung und Ideen, wie Lehrpersonen das Thema im Kindergarten- und im Schulalltag auf\u00adgreifen, mit den Kindern<span class=\"read-more-cbtn\"> [weiterlesen]<\/span><\/p>\n","protected":false},"author":7,"featured_media":0,"parent":5409,"menu_order":11,"comment_status":"closed","ping_status":"closed","template":"page-templates\/page-single-signup.php","meta":{"inline_featured_image":false,"footnotes":""},"class_list":["post-5334","page","type-page","status-publish","hentry"],"aioseo_notices":[],"_links":{"self":[{"href":"https:\/\/www.set.ch\/it\/wp-json\/wp\/v2\/pages\/5334","targetHints":{"allow":["GET"]}}],"collection":[{"href":"https:\/\/www.set.ch\/it\/wp-json\/wp\/v2\/pages"}],"about":[{"href":"https:\/\/www.set.ch\/it\/wp-json\/wp\/v2\/types\/page"}],"author":[{"embeddable":true,"href":"https:\/\/www.set.ch\/it\/wp-json\/wp\/v2\/users\/7"}],"replies":[{"embeddable":true,"href":"https:\/\/www.set.ch\/it\/wp-json\/wp\/v2\/comments?post=5334"}],"version-history":[{"count":87,"href":"https:\/\/www.set.ch\/it\/wp-json\/wp\/v2\/pages\/5334\/revisions"}],"predecessor-version":[{"id":7885,"href":"https:\/\/www.set.ch\/it\/wp-json\/wp\/v2\/pages\/5334\/revisions\/7885"}],"up":[{"embeddable":true,"href":"https:\/\/www.set.ch\/it\/wp-json\/wp\/v2\/pages\/5409"}],"wp:attachment":[{"href":"https:\/\/www.set.ch\/it\/wp-json\/wp\/v2\/media?parent=5334"}],"curies":[{"name":"wp","href":"https:\/\/api.w.org\/{rel}","templated":true}]}}