{"id":7662,"date":"2025-03-16T10:25:56","date_gmt":"2025-03-16T09:25:56","guid":{"rendered":"https:\/\/www.set.ch\/?page_id=7662"},"modified":"2025-05-29T18:50:17","modified_gmt":"2025-05-29T16:50:17","slug":"bildungsreisen-shoah-gedenkstaetten","status":"publish","type":"page","link":"https:\/\/www.set.ch\/fr\/bildungsreisen-shoah-gedenkstaetten\/","title":{"rendered":"Bildungsreisen zu Shoah-Gedenkst\u00e4tten"},"content":{"rendered":"<p style=\"font-size: 18px;\">Die SET subventioniert dank der Kooperation mit der GRA Stiftung gegen Rassismus und Antisemitismus, der AKL Augustin Keller Loge, der <a href=\"https:\/\/gamaraal.com\/\" rel=\"noopener\" target=\"_blank\">Gamaraal Foundation<\/a> und weiterer Stiftungen Schulfahrten und Studienreisen in Shoah-Gedenkst\u00e4tten. Es werden nur die Reisekosten der teilnehmenden Sch\u00fcler:innen \u00fcbernommen.<\/p>\n<h2>Unterst\u00fctzungskriterien<\/h2>\n<ul>\n<li>Die Reise f\u00fchrt in eine Shoah-Gedenkst\u00e4tte.<\/li>\n<li>Die Reise muss geschichtsdidaktisch und p\u00e4dagogisch sorgf\u00e4ltig vorbereitet werden (\u00abPeacemaking-Kontext\u00bb).<\/li>\n<li>Mechanismen der Ausgrenzung m\u00fcssen thematisiert werden.<\/li>\n<li>Vorg\u00e4ngig m\u00fcssen ein genauer Reiseplan und ein Budget sowie nach der Reise eine detaillierte Abrechnung eingereicht werden.<\/li>\n<li>Die Klasse muss einen schriftlichen Reisebericht schreiben. Die Sch\u00fcler:innen k\u00f6nnen dabei aufzeigen, was sie durch die Auseinandersetzung mit dem Thema Holocaust f\u00fcr die Zukunft \u00abmitnehmen\u00bb.<\/li>\n<li>Eine erweiterte Form der Information innerhalb der Schule kann die Reise p\u00e4dagogisch abrunden z. B. in Form von Panelgespr\u00e4chen, Diskussionsrunden oder Fotogalerie.<\/li>\n<li>Lehrer:innen und Sch\u00fcler:innen stehen nach M\u00f6glichkeit als \u00abAmbassador:innen\u00bb f\u00fcr die Studienreisen in weiteren Gremien zur Verf\u00fcgung.<\/li>\n<li>Die Abrechnung erfolgt \u00fcber eine offizielle Adresse der Schule.<\/li>\n<\/ul>\n<p>Senden Sie Ihre Bewerbung an <a href=\"mailto:urs.urech@set.ch\">urs.urech@set.ch<\/a>. Alle Bewerbungen werden der Reihe nach sorgf\u00e4ltig gepr\u00fcft. Es besteht kein Anspruch auf Unterst\u00fctzung. Die SET bietet auch Hilfe bei der Vorbereitung der Reise an und vermittelt Lehrpersonen, die bereits eine Reise durchgef\u00fchrt haben.<\/p>\n<p>F\u00fcr weiterf\u00fchrende Informationen stehen wir Ihnen jederzeit zur Verf\u00fcgung!<\/p>\n<h2>Was Kantisch\u00fcler:innen aus Liestal \u00fcber ihre Reise nach Dachau denken<\/h2>\n<div class=\"testimonils-slider-wrap\">\n<ul class=\"testimonils-slider js-testimonils-slider-still\">\n<li>\n<h3 class=\"testimonils-title\">Zitate von Kanti Sch\u00fcler:innen aus Liestal<\/h3>\n<div>So schrecklich die Anblicke und Vorstellungen der Geschehnisse waren, wirklich fassen konnte und kann ich es bis heute nicht. Denn das was passiert ist, ist mehr als \u201enur\u201c unmenschlich. Ich bin dennoch der festen \u00dcberzeugung, dass dieser Besuch eine extrem wichtige und wertvolle Erfahrung ist-vor allem f\u00fcr Revisionist:innen.<\/div>\n<\/li>\n<li>\n<h3 class=\"testimonils-title\">Zitate von Kanti Sch\u00fcler:innen aus Liestal<\/h3>\n<div>W\u00e4hrend dieser Reise wurde mir klar, wie wichtig es ist, nicht zu vergessen, dass wir alle Menschen sind und uns alle unterscheiden. Wir sollten einander mit Respekt begegnen, denn jeder Mensch ist einzigartig.<\/div>\n<\/li>\n<li>\n<h3 class=\"testimonils-title\">Zitate von Kanti Sch\u00fcler:innen aus Liestal<\/h3>\n<div>Ich bin \u00fcberzeugt das es f\u00fcr jeden wichtig ist so eine Gedenkst\u00e4dte einmal zu besuchen, um sich damit auseinanderzusetzen und sich bewusst zu werden, zu was Menschen f\u00e4hig sind und aufzupassen, dass sich die Geschichte nicht wiederholt. Ausserdem denke ich das man nach so einem Besuch keine Antisemitistischen oder Rassistischen Gedanken mehr haben kann, ich pers\u00f6nlich kann seit dem Besuch in Dachau gar nicht mehr auf dumme Witze, was dieses Thema betrifft eingehen, da mich diese Reise so mitgenommen hat.<\/div>\n<\/li>\n<li>\n<h3 class=\"testimonils-title\">Zitate von Kanti Sch\u00fcler:innen aus Liestal<\/h3>\n<div>Ich denke, Aufkl\u00e4rung zu dieser Thematik, wird sehr wohl helfen Rassismus und Antisemitismus entgegenzuwirken. Es zeigt, wie schnell Hass verbreitet werden kann und wie weit es gehen kann, wenn man wegschaut. In Dachau kann man sehen, wie sich Hass anstauen kann, wenn man nichts dagegen unternimmt und schliesslich in Mord endet.<\/div>\n<\/li>\n<li>\n<h3 class=\"testimonils-title\">Zitate von Kanti Sch\u00fcler:innen aus Liestal<\/h3>\n<div>Es war erschreckend zu sehen, wie systematisch Menschen ihrer Rechte beraubt und ermordet wurden und wie schnell so etwas wieder passieren kann, wenn wir nicht wachsam sind. Diese Erfahrung hat mir gezeigt, dass Zivilcourage und historisches Wissen extrem wichtig sind, um eine tolerante und friedliche Gesellschaft bei zu behalten.<\/div>\n<\/li>\n<li>\n<h3 class=\"testimonils-title\">Zitate von Kanti Sch\u00fcler:innen aus Liestal<\/h3>\n<div>Ja, eine solche Studienreise kann dazu beitragen, Rassismus und Antisemitismus entgegenzuwirken. Wer sieht, wozu Hass und Ausgrenzung f\u00fchren k\u00f6nnen, wird sensibilisiert und hinterfragt heutige gesellschaftliche Entwicklungen kritischer.<\/div>\n<\/li>\n<li>\n<h3 class=\"testimonils-title\">Zitate von Kanti Sch\u00fcler:innen aus Liestal<\/h3>\n<div>Auf dem Gel\u00e4nde der Gedenkst\u00e4tte zu stehen, mit einem Zeitzeugen zu sprechen und von einer speziell daf\u00fcr geschulten Person mehr Informationen und Hintergr\u00fcnde zu erhalten, macht einem die Dinge viel bewusster, als es ein Geschichtsbuch je k\u00f6nnte. Deshalb glaube ich fest daran, dass eine solche Studienreise dazu beitragen kann, Rassismus und Antisemitismus entgegenzuwirken.<\/div>\n<\/li>\n<li>\n<h3 class=\"testimonils-title\">Zitate von Kanti Sch\u00fcler:innen aus Liestal<\/h3>\n<div>Im Unterricht \u00fcber Konzentrationslager und den Holocaust zu sprechen ist wichtig, aber jeder sollte einmal mitten in einem Konzentrationslager stehen, um sich vor Augen zu f\u00fchren, wie hier Menschen unschuldig vernichtet wurden. Um die Geschichte des Ortes und der Menschen zu sp\u00fcren und zu f\u00fchlen.<\/div>\n<\/li>\n<li>\n<h3 class=\"testimonils-title\">Zitate von Kanti Sch\u00fcler:innen aus Liestal<\/h3>\n<div>Es gibt kein Sch\u00f6nreden, man muss hinsehen. Nur so kann eine Wiederholung der Ereignisse verhindert werden. Es geschieht einfacher, als man denkt. Propaganda und psychologische Tricks k\u00f6nnen Menschen zu schlimmsten Taten bewegen. Darauf muss man sensibilisiert werden. Der Besuch in der Gedenkst\u00e4tte des Konzentrationslagers Dachau hat mir dies auf eindr\u00fcckliche Art aufgezeigt.<\/div>\n<\/li>\n<li>\n<h3 class=\"testimonils-title\">Zitate von Kanti Sch\u00fcler:innen aus Liestal<\/h3>\n<div>Eine schrecklich faszinierende Reise war das in Dachau. Es war schlimm die Bilder der damaligen Ereignisse zu sehen. Auf eine schreckliche Weise war es aber auch beeindruckend, mit eigenen Augen zu sehen, zu welch organisiertem und systematischem Hass Menschen f\u00e4hig sein k\u00f6nnen. Es hat gezeigt, was passieren kann, wenn die Dynamik von f\u00fcrchterlichen Machthabern nicht rechtzeitig einged\u00e4mmt wird. Um das Ausmass der Zerst\u00f6rung des Holocaust ansatzweise verstehen zu k\u00f6nnen, sollte man diese Studienreise unternehmen.<\/div>\n<\/li>\n<li>\n<h3 class=\"testimonils-title\">Zitate von Kanti Sch\u00fcler:innen aus Liestal<\/h3>\n<div>Diese Reise hat mir bewusst gemacht, wie wichtig es ist, die Erinnerungen an diese Verbrechen wach zu halten, um daraus f\u00fcr die Zukunft zu lernen, damit solche Verbrechen nie wieder m\u00f6glich werden. Ich glaube, dass solche Besuche einen wichtigen Beitrag gegen Rassismus und Antisemitismus leisten k\u00f6nnen, weil sie zeigen, wohin Hass und Ausgrenzung f\u00fchren k\u00f6nnen. Diese Studienreise und die Auseinandersetzung mit der Geschichte haben nicht nur meinen Blick auf die Geschichte der damaligen Zeit, sondern auch auf unsere heutige Gesellschaft und Politik ver\u00e4ndert. Mir wurde noch bewusster, dass Freiheit, Demokratie und Menschenrechte nicht selbstverst\u00e4ndlich sind, und dass man diese achten und sch\u00e4tzen muss.<\/div>\n<\/li>\n<li>\n<h3 class=\"testimonils-title\">Zitate von Kanti Sch\u00fcler:innen aus Liestal<\/h3>\n<div>Durch die Studienreise nach Dachau konnte ich wichtige Erfahrungen f\u00fcr diverse Themen gewinnen. Zus\u00e4tzliche historische Hintergr\u00fcnde, die einen tieferen Einblick rund um Konzentrationslager und Unterdr\u00fcckungsmechanismen bieten. Aber insbesondere einen solch traurigen und brutalen Ort pers\u00f6nlich zu besuchen, l\u00e4sst das Vergangene realer und bedr\u00fcckender wirken, was wirklich ein einmaliges Erlebnis war. Meiner Meinung nach sind solche Studienreisen auch wichtig um Rassismus und auch Antisemitismus so oft wie m\u00f6glich zu bek\u00e4mpfen.<\/div>\n<\/li>\n<li>\n<h3 class=\"testimonils-title\">Zitate von Kanti Sch\u00fcler:innen aus Liestal<\/h3>\n<div>Der Ausflug in das Konzentrationslager Dachau war zugleich erschreckend, aber auch \u00e4usserst spannend und aufschlussreich. Zwar war mir vieles bereits bekannt, jedoch wurden die Geschehnisse aus einer ganz neuen Perspektive geschildert. Besonders die individuellen Geschichten, die sich im KZ Dachau ereigneten und die wir im Museum erfuhren, waren sehr eindr\u00fccklich und erm\u00f6glichten uns einen ganz anderen Einblick in diese schrecklichen Ereignisse.<\/div>\n<\/li>\n<li>\n<h3 class=\"testimonils-title\">Zitate von Kanti Sch\u00fcler:innen aus Liestal<\/h3>\n<div>Besonders speziell war die Begegnung mit einem Zeitzeugen, Abba Noar, der als Gefangener in einem Nebenlager von Dachau inhaftiert war. Seine pers\u00f6nlichen Erz\u00e4hlungen machten die grausamen Geschehnisse noch greifbarer. Trotz seiner schweren Leidensgeschichte sprach er sich f\u00fcr Vers\u00f6hnung und Menschlichkeit aus, was mich sehr beeindruckte. Die gewonnenen Eindr\u00fccke verdeutlichen, wie wichtig es ist, dass die Gr\u00e4ueltaten des Nationalsozialismus nicht in Vergessenheit geraten zu lassen, damit so etwas nie wieder wiederholt werden kann.<\/div>\n<\/li>\n<li>\n<h3 class=\"testimonils-title\">Zitate von Kanti Sch\u00fcler:innen aus Liestal<\/h3>\n<div>Im Rahmen der Exkursion wurde viel Wissen zum Holocaust vermittelt. Zuvor wusste ich etwa noch nicht, dass die Nationalsozialisten versuchten aus dem Holocaust einen wirtschaftlichen Gewinn zu schlagen und KZ-H\u00e4ftlinge als Sklaven an deutsche Industriefirmen verkaufte. Auch auf die Beteiligung von Weleda an Versuchen der Nationalsozialisten in den Konzentrationslagern wurde eingegangen. Von der Exkursion zur Ged\u00e4nkst\u00e4tte des KZ Dachau nehme ich mit, dass wir Menschen stets respektvoll behandeln sollen und uns nicht von Vorurteilen oder sonstigem leiten lassen sollen.<\/div>\n<\/li>\n<li>\n<h3 class=\"testimonils-title\">Zitate von Kanti Sch\u00fcler:innen aus Liestal<\/h3>\n<div>Bei allen, die in der N\u00e4he waren, lag eine \u00fcberw\u00e4ltigende Traurigkeit in der Luft. Eine Traurigkeit, die die meisten nicht nachvollziehen k\u00f6nnten, wenn sie nicht dabei w\u00e4ren. Einen solch tragischen Ort in einem Alter zu betreten, in dem ich die Schwere des Geschehens begreifen kann, hat mir das Denken ge\u00f6ffnet, und ich bin sicher, dass es die Ansichten der Menschen \u00fcber Rassismus und Antisemitismus ver\u00e4ndert.<\/div>\n<\/li>\n<li>\n<h3 class=\"testimonils-title\">Zitate von Kanti Sch\u00fcler:innen aus Liestal<\/h3>\n<div>Der direkte Bericht eines Zeitzeugen und die F\u00fchrung haben mir einen realistischeren Eindruck in diese schreckliche Zeit vermittelt. Zudem wurde mir bewusst, dass hinter jeder Zahl im Geschichtsbuch eine individuelle Geschichte steckt, was diese Geschehnisse f\u00fcr mich noch viel erschreckender und unverst\u00e4ndlicher macht. Diese Erkenntnis hat meine Sicht auf Geschichte und gesellschaftliche Verantwortung nachhaltig gepr\u00e4gt. Ich denke, eine solche Exkursion sensibilisiert und zeigt, wohin Intoleranz und Ausgrenzung f\u00fchren k\u00f6nnen. Gerade heute, in einer Zeit, in der diskriminierende Tendenzen wieder zunehmen, ist es besonders wichtig, aus der Geschichte zu lernen.<\/div>\n<\/li>\n<li>\n<h3 class=\"testimonils-title\">Zitate von Kanti Sch\u00fcler:innen aus Liestal<\/h3>\n<div>Studienreisen k\u00f6nnen gegen Rassismus und Antisemitismus wirken, jedoch l\u00e4sst sich \u201cnur\u201d durch eine Studienreise, nicht jede Meinung \u00e4ndern. Hass existiert seit jeher und wird immer Teil unserer Welt sein. Dieses tief verwurzelte Problem l\u00e4sst sich allein durch eine Studienreise nicht bezwingen. Studienreisen k\u00f6nnen jedoch die Haltung gegen Rassismus und Antisemitismus st\u00e4rken.<\/div>\n<\/li>\n<li>\n<h3 class=\"testimonils-title\">Zitate von Kanti Sch\u00fcler:innen aus Liestal<\/h3>\n<div>Eine solche Studienreise kann helfen, Antisemitismus und Rassismus entgegenzuwirken. Allein an einem Ort zu sein, an dem diese Verbrechen stattfanden, macht die Geschichte greifbarer. Man sieht mit eigenen Augen, wie grausam die Menschen behandelt wurden und welches Leid sie ertragen mussten. Diese direkte Erfahrung kann eine gro\u00dfe Wirkung auf einen Menschen haben. Sie kann die eigene Perspektive nachhaltig ver\u00e4ndern. Vor Ort zu sein, ist ein v\u00f6llig anderes Gef\u00fchl, als nur theoretisch davon zu h\u00f6ren.<\/div>\n<\/li>\n<li>\n<h3 class=\"testimonils-title\">Zitate von Kanti Sch\u00fcler:innen aus Liestal<\/h3>\n<div>Die Studienreise nach Dachau hat mir eindr\u00fccklich vor Augen gef\u00fchrt, wie wichtig es ist, die Gefahren von Rassismus und Antisemitismus zu erkennen und ihnen entschlossen entgegenzuwirken. Ich nehme aus dieser Reise nicht nur ein gr\u00f6sseres Verst\u00e4ndnis f\u00fcr die Geschichte, sondern auch die Wichtigkeit sich f\u00fcr Toleranz und Gerechtigkeit einzusetzen mit.<\/div>\n<\/li>\n<li>\n<h3 class=\"testimonils-title\">Zitate von Kanti Sch\u00fcler:innen aus Liestal<\/h3>\n<div>Die Exkursion zur KZ-Gedenkst\u00e4tte Dachau war eine bewegende und pr\u00e4gende Erfahrung f\u00fcr mich, denn sie machte mir bewusst, wie schnell und oft unbemerkt die Radikalisierung fortschreiten kann. Es ist daher von grosser Bedeutung, die Vergangenheit nicht zu vergessen, um zu verhindern, dass unschuldige Menschen erneut Opfer von Hass und Gewalt werden.<\/div>\n<\/li>\n<li>\n<h3 class=\"testimonils-title\">Zitate von Kanti Sch\u00fcler:innen aus Liestal<\/h3>\n<div>Ich denke, dass solche Studienreisen einen wichtigen Beitrag zur Aufkl\u00e4rung leisten. Besonders \u00fcberrascht hat mich, wie detailliert das Lagerleben dokumentiert wurde und wie systematisch die NS-Ideologie umgesetzt wurde. Ich nehme aus dieser Reise die Erkenntnis mit, dass jeder Einzelne Verantwortung tr\u00e4gt, sich gegen Unrecht zu stellen. Diese Erfahrung hat mich tief bewegt und wird mich in meinem weiteren Leben begleichen.<\/div>\n<\/li>\n<li>\n<h3 class=\"testimonils-title\">Zitate von Kanti Sch\u00fcler:innen aus Liestal<\/h3>\n<div>Mich hat vor allem die immense Gr\u00f6sse des Lagers \u00fcberrascht \u2013 ich hatte es mir viel kleiner vorgestellt. Besonders bewegend und traurig war der Besuch des Krematoriums. Auf einer philosophischen Ebene wurde mir bewusst, dass innerhalb des Lagers ein eigenes, dystopisches Gesellschaftssystem existierte, das v\u00f6llig ausserhalb der Menschenrechte stand.<\/div>\n<\/li>\n<li>\n<h3 class=\"testimonils-title\">Zitate von Kanti Sch\u00fcler:innen aus Liestal<\/h3>\n<div>Als ich in der KZ Gedenkst\u00e4tte war, konnte ich fast das Leid der H\u00e4ftlinge f\u00fchlen. Ein Leid, dass man niemanden zuf\u00fcgen m\u00f6chte. Das hat mich nochmals st\u00e4rker dazu motiviert, f\u00fcr Minderheiten einzustehen und daf\u00fcr zu sorgen, dass sich dieser Teil der Geschichte nicht wiederholt. Es hat mir nochmals best\u00e4tigt, dass man nicht wegschauen soll, besonders in der heutigen Zeit.<\/div>\n<\/li>\n<li>\n<h3 class=\"testimonils-title\">Zitate von Kanti Sch\u00fcler:innen aus Liestal<\/h3>\n<div>Diese Reise hat mir verdeutlicht, wie wichtig es ist, sich mit der Vergangenheit auseinanderzusetzen. Nur durch das bewusste Erinnern an historische Geschehnisse k\u00f6nnen wir verhindern, dass sich die Geschichte wiederholt. Durch den Besuch eines solchen Ortes wird die Theorie aus dem Unterricht viel greifbarer und einpr\u00e4gsamer. Die pers\u00f6nliche Betroffenheit, die man dabei empfindet, sensibilisiert f\u00fcr aktuelle gesellschaftliche Entwicklungen.<\/div>\n<\/li>\n<li>\n<h3 class=\"testimonils-title\">Zitate von Kanti Sch\u00fcler:innen aus Liestal<\/h3>\n<div>Die Studienreise nach Dachau hat mich tief bewegt. Am meisten schockiert hat mich die Dokumentation, die zeigte, wie viel noch erhalten ist. Es wurde mir bewusst, zu welchen Grausamkeiten Menschen f\u00e4hig sind.Manche Dinge muss man selbst sehen, um ihre Realit\u00e4t wirklich zu begreifen. Die Studienreise lohnt sich, weil sie Geschichte greifbar macht. Ich glaube, dass solche Besuche helfen, Rassismus und Antisemitismus entgegenzuwirken. Sie zeigen, wohin Hass und Ausgrenzung f\u00fchren k\u00f6nnen.<\/div>\n<\/li>\n<li>\n<h3 class=\"testimonils-title\">Zitate von Kanti Sch\u00fcler:innen aus Liestal<\/h3>\n<div>Die Studienreise nach Dachau hat mich tief bewegt. Am meisten schockiert hat mich die Dokumentation, die zeigte, wie viel noch erhalten ist. Es wurde mir bewusst, zu welchen Grausamkeiten Menschen f\u00e4hig sind.Manche Dinge muss man selbst sehen, um ihre Realit\u00e4t wirklich zu begreifen. Die Studienreise lohnt sich, weil sie Geschichte greifbar macht. Ich glaube, dass solche Besuche helfen, Rassismus und Antisemitismus entgegenzuwirken. Sie zeigen, wohin Hass und Ausgrenzung f\u00fchren k\u00f6nnen.<\/div>\n<\/li>\n<\/ul>\n<div class=\"slider-controls\">\n&nbsp;<\/p>\n<div class=\"slide-m-dots\"><\/div>\n<p>&nbsp;\n<\/p><\/div>\n<\/div>\n<h2>Anmeldeformular<\/h2>\n\n<div class=\"wpcf7 no-js\" id=\"wpcf7-f7671-o1\" lang=\"en-US\" dir=\"ltr\" data-wpcf7-id=\"7671\">\n<div class=\"screen-reader-response\"><p role=\"status\" aria-live=\"polite\" aria-atomic=\"true\"><\/p> <ul><\/ul><\/div>\n<form action=\"\/fr\/wp-json\/wp\/v2\/pages\/7662#wpcf7-f7671-o1\" method=\"post\" class=\"wpcf7-form init\" aria-label=\"Contact form\" novalidate=\"novalidate\" data-status=\"init\">\n<fieldset class=\"hidden-fields-container\"><input type=\"hidden\" name=\"_wpcf7\" value=\"7671\" \/><input type=\"hidden\" name=\"_wpcf7_version\" value=\"6.1.4\" \/><input type=\"hidden\" name=\"_wpcf7_locale\" value=\"en_US\" \/><input type=\"hidden\" name=\"_wpcf7_unit_tag\" value=\"wpcf7-f7671-o1\" \/><input type=\"hidden\" name=\"_wpcf7_container_post\" value=\"0\" \/><input type=\"hidden\" name=\"_wpcf7_posted_data_hash\" value=\"\" \/><input type=\"hidden\" name=\"_wpcf7_recaptcha_response\" value=\"\" \/>\n<\/fieldset>\n<div>\n\t<div class=\"row mb-10\">\n\t\t<div class=\"col-md-12 pr-0\">\n\t\t\t<p><label class=\"mw-460\"><span class=\"wpcf7-form-control-wrap\" data-name=\"nachname\"><input size=\"40\" maxlength=\"400\" class=\"wpcf7-form-control wpcf7-text\" aria-invalid=\"false\" placeholder=\"Name\" value=\"\" type=\"text\" name=\"nachname\" \/><\/span><\/label>\n\t\t\t<\/p>\n\t\t<\/div>\n\t<\/div>\n\t<div class=\"row mb-10\">\n\t\t<div class=\"col-md-12 pr-0\">\n\t\t\t<p><label class=\"mw-460\"><span class=\"wpcf7-form-control-wrap\" data-name=\"vorname\"><input size=\"40\" maxlength=\"400\" class=\"wpcf7-form-control wpcf7-text\" aria-invalid=\"false\" placeholder=\"Vorname\" value=\"\" type=\"text\" name=\"vorname\" \/><\/span><\/label>\n\t\t\t<\/p>\n\t\t<\/div>\n\t<\/div>\n\t<div class=\"row mb-10\">\n\t\t<div class=\"col-md-12 pr-0\">\n\t\t\t<p><label class=\"mw-460\"><span class=\"wpcf7-form-control-wrap\" data-name=\"benutzer-email\"><input size=\"40\" maxlength=\"400\" class=\"wpcf7-form-control wpcf7-email wpcf7-validates-as-required wpcf7-text wpcf7-validates-as-email\" aria-required=\"true\" aria-invalid=\"false\" placeholder=\"Email\" value=\"\" type=\"email\" name=\"benutzer-email\" \/><\/span><\/label>\n\t\t\t<\/p>\n\t\t<\/div>\n\t<\/div>\n\t<div class=\"row mb-10\">\n\t\t<div class=\"col-md-12 pr-0\">\n\t\t\t<p><label class=\"mw-460\"><span class=\"wpcf7-form-control-wrap\" data-name=\"telefonnummer\"><input size=\"40\" maxlength=\"400\" class=\"wpcf7-form-control wpcf7-text\" aria-invalid=\"false\" placeholder=\"Telefonnummer\" value=\"\" type=\"text\" name=\"telefonnummer\" \/><\/span><\/label>\n\t\t\t<\/p>\n\t\t<\/div>\n\t<\/div>\n\n<!--<div class=\"row mb-10\">\n    <div class=\"col-md-12 pr-0\">\n         <label class=\"mw-460\"><span class=\"wpcf7-form-control-wrap\" data-name=\"name-der-schule\"><input size=\"40\" maxlength=\"400\" class=\"wpcf7-form-control wpcf7-text\" aria-invalid=\"false\" placeholder=\"Name der Schule\" value=\"\" type=\"text\" name=\"name-der-schule\" \/><\/span><\/label>\n     <\/div>\n<\/div>-->\n\t<div class=\"row mb-10\">\n\t\t<div class=\"col-md-12 pr-0\">\n\t\t\t<p><label class=\"mw-460\"><span class=\"wpcf7-form-control-wrap\" data-name=\"adresse\"><input size=\"40\" maxlength=\"400\" class=\"wpcf7-form-control wpcf7-text\" aria-invalid=\"false\" placeholder=\"Adresse der Schule\" value=\"\" type=\"text\" name=\"adresse\" \/><\/span><\/label>\n\t\t\t<\/p>\n\t\t<\/div>\n\t<\/div>\n\t<div class=\"row mb-10\">\n\t\t<div class=\"col-md-12 pr-0\">\n\t\t\t<p><label class=\"mw-460\"><span class=\"wpcf7-form-control-wrap\" data-name=\"kanton\"><input size=\"40\" maxlength=\"400\" class=\"wpcf7-form-control wpcf7-text\" aria-invalid=\"false\" placeholder=\"Kanton\" value=\"\" type=\"text\" name=\"kanton\" \/><\/span><\/label>\n\t\t\t<\/p>\n\t\t<\/div>\n\t<\/div>\n\t<div class=\"row mb-10\">\n\t\t<div class=\"col-md-12 pr-0\">\n\t\t\t<p><label class=\"mw-460\"><span class=\"wpcf7-form-control-wrap\" data-name=\"anzahl\"><input size=\"40\" maxlength=\"400\" class=\"wpcf7-form-control wpcf7-text\" aria-invalid=\"false\" placeholder=\"Anzahl Sch\u00fcler:innen\" value=\"\" type=\"text\" name=\"anzahl\" \/><\/span><\/label>\n\t\t\t<\/p>\n\t\t<\/div>\n\t<\/div>\n<\/div>\n<p><input class=\"wpcf7-form-control wpcf7-submit has-spinner btn btn-blue\" type=\"submit\" value=\"Send\" \/>\n<\/p><div class=\"wpcf7-response-output\" aria-hidden=\"true\"><\/div>\n<\/form>\n<\/div>\n\n<p>Wir behandeln im Unterricht den Holocaust und wir planen eine Schulfahrt oder eine Studienreise in eine Shoah Gedenkst\u00e4tte. Wir beantragen Subventionen f\u00fcr die Reisekosten. Bitte senden Sie uns weitere Informationen zur Anmeldung.<\/p>\n<p>F\u00fcr Fragen und weitere Informationen wenden Sie sich an Urs Urech, <a href=\"mailto:urs.urech@set.ch\">urs.urech@set.ch<\/a>.<\/p>\n<h2>Links<\/h2>\n<p><strong><\/p>\n<ul>\n<li><a href=\"https:\/\/www.last-swiss-holocaust-survivors.ch\/de\" rel=\"noopener\" target=\"_blank\">Zum Projekt \u201eLast Holocaust Survivors\u201c der Gamaraal Foundation<\/a><\/li>\n<li><a href=\"https:\/\/www.gra.ch\/wp-content\/uploads\/2023\/04\/Reisebericht-1.pdf\" rel=\"noopener\" target=\"_blank\">Reisebericht des Gymnasiums Liestal \u00fcber ihre Polenreise im April 2019<\/a><\/li>\n<li><a href=\"https:\/\/www.gra.ch\/wp-content\/uploads\/2023\/04\/Eindr%C3%BCcke-der-Teilnehmerinnen-und-Teilnehmer.pdf\" rel=\"noopener\" target=\"_blank\">Pers\u00f6nliche Eindr\u00fccke der Teilnehmerinnen und Teilnehmer zum Seminar \u201eHolokaust und V\u00f6lkerrecht\u201c der Lehrst\u00fchle Prof. Dr. iur Oliver Diggelmann und Prof. Dr. iur. Daniel Jositsch der Rechtswissenschaftlichen Fakult\u00e4t der Universit\u00e4t Z\u00fcrich (erarbeitet in einer Schreibwerkstatt mit Finn Canonica und Daniel R\u00fcfli)<\/a><\/li>\n<li><a href=\"https:\/\/www.gra.ch\/wp-content\/uploads\/2023\/04\/Reisebericht-Seminar-Polen-Universit%C3%A4t-Z%C3%BCrich.pdf\" rel=\"noopener\" target=\"_blank\">Reisebericht zum Seminar \u201eHolokaust und V\u00f6lkerrecht\u201c der Lehrst\u00fchle Prof. Dr. iur. Oliver Diggelmann und Prof. Dr. iur. Daniel Jositsch der Rechtswissenschaftlichen Fakult\u00e4t der Universit\u00e4t Z\u00fcrich<\/a><\/li>\n<li><a href=\"https:\/\/www.gra.ch\/bildung\/interview-mit-stefan-dietrich\/\" rel=\"noopener\" target=\"_blank\">Interview mit Stefan Dietrich \u00abEs geht um die Verteidigung unserer Demokratien und Menschenrechte, die Verteidigung unserer Zukunft\u00bb<\/a><\/li>\n<\/ul>\n<p><\/strong><\/p>\n<div style=\"height: 50px;\"><\/div>\n<style>\n.btn {width:200px;}\n.testimonils-title {font-size:24px;}\n.testimonils-slider li {font-size:18px;}\n<\/style>\n","protected":false},"excerpt":{"rendered":"<p>Die SET subventioniert dank der Kooperation mit der GRA Stiftung gegen Rassismus und Antisemitismus, der AKL Augustin Keller Loge, der Gamaraal Foundation und weiterer Stiftungen Schulfahrten und Studienreisen in Shoah-Gedenkst\u00e4tten. Es werden nur die Reisekosten der teilnehmenden Sch\u00fcler:innen \u00fcbernommen. Unterst\u00fctzungskriterien<span class=\"read-more-cbtn\"> [weiterlesen]<\/span><\/p>\n","protected":false},"author":7,"featured_media":0,"parent":0,"menu_order":2,"comment_status":"closed","ping_status":"closed","template":"page-templates\/page-single-signup.php","meta":{"inline_featured_image":false,"footnotes":""},"class_list":["post-7662","page","type-page","status-publish","hentry"],"aioseo_notices":[],"_links":{"self":[{"href":"https:\/\/www.set.ch\/fr\/wp-json\/wp\/v2\/pages\/7662","targetHints":{"allow":["GET"]}}],"collection":[{"href":"https:\/\/www.set.ch\/fr\/wp-json\/wp\/v2\/pages"}],"about":[{"href":"https:\/\/www.set.ch\/fr\/wp-json\/wp\/v2\/types\/page"}],"author":[{"embeddable":true,"href":"https:\/\/www.set.ch\/fr\/wp-json\/wp\/v2\/users\/7"}],"replies":[{"embeddable":true,"href":"https:\/\/www.set.ch\/fr\/wp-json\/wp\/v2\/comments?post=7662"}],"version-history":[{"count":24,"href":"https:\/\/www.set.ch\/fr\/wp-json\/wp\/v2\/pages\/7662\/revisions"}],"predecessor-version":[{"id":7731,"href":"https:\/\/www.set.ch\/fr\/wp-json\/wp\/v2\/pages\/7662\/revisions\/7731"}],"wp:attachment":[{"href":"https:\/\/www.set.ch\/fr\/wp-json\/wp\/v2\/media?parent=7662"}],"curies":[{"name":"wp","href":"https:\/\/api.w.org\/{rel}","templated":true}]}}