{"id":5151,"date":"2020-07-05T21:38:26","date_gmt":"2020-07-05T19:38:26","guid":{"rendered":"https:\/\/www.set.ch\/?page_id=5151"},"modified":"2020-07-05T21:39:41","modified_gmt":"2020-07-05T19:39:41","slug":"idee-entwicklung-t-box","status":"publish","type":"page","link":"https:\/\/www.set.ch\/fr\/idee-entwicklung-t-box\/","title":{"rendered":"Von der Idee zur Entwicklung und dem Vertrieb der T-BOX"},"content":{"rendered":"<p>Ronnie Bernheim, der Pr\u00e4sident der SET (Stiftung Erziehung zur Toleranz) und Ehrenpr\u00e4sident der GRA (Stiftung Gegen Rassismus und Antisemitismus) initiierte und begleitete zahlreiche Schweizer Projekte gegen Ausgrenzung. Viele davon f\u00fcr Sch\u00fclerinnen und Sch\u00fcler sowie im Rahmen \u00f6ffentlicher Kampagnen gegen Gewalt und Ausgrenzung jeglicher Art. Dabei reifte die Erkenntnis, dass die Unterst\u00fctzung von empathischem Verhalte und Zivilcourage n\u00f6tig ist, bevor Kinder in die Schule gehen. Inklusion, Einf\u00fchlungsverm\u00f6gen und etwas Mut zum Eingreifen m\u00fcssten bereits die Kleinsten \u2013 altersgerecht \u2013 in der Gruppe erfahren. Er stellte sich die Frage, wie Gelegenheiten zum Erlernen dieser Kompetenzen geschaffen und genutzt werden k\u00f6nnten. Er gr\u00fcndete eine Projektgruppe aus Mitgliedern von SET und GRA und gewann das renommierte Marie Meierhofer Institut f\u00fcr das Kind f\u00fcr die \u00dcbernahme eines Entwicklungsauftrags in enger Zusammenarbeit mit Kindertagesst\u00e4tten und einer breit abgest\u00fctzten Begleitgruppe. Die ausgezeichnete Zusammenarbeit und der Erfahrungsschatz aller Projektpartner f\u00fchrte zur Entwicklung, Erprobung und Fertigstellung der T-BOX. M\u00f6glich war dies nicht zuletzt dank der finanziellen Unterst\u00fctzung der Eidgen\u00f6ssischen Fachstellen gegen Rassismus und education21 sowie der GRA.<\/p>\n","protected":false},"excerpt":{"rendered":"<p>Ronnie Bernheim, der Pr\u00e4sident der SET (Stiftung Erziehung zur Toleranz) und Ehrenpr\u00e4sident der GRA (Stiftung Gegen Rassismus und Antisemitismus) initiierte und begleitete zahlreiche Schweizer Projekte gegen Ausgrenzung. Viele davon f\u00fcr Sch\u00fclerinnen und Sch\u00fcler sowie im Rahmen \u00f6ffentlicher Kampagnen gegen Gewalt<span class=\"read-more-cbtn\"> [weiterlesen]<\/span><\/p>\n","protected":false},"author":7,"featured_media":0,"parent":0,"menu_order":26,"comment_status":"closed","ping_status":"closed","template":"page-templates\/full-width-agb-page.php","meta":{"inline_featured_image":false,"footnotes":""},"class_list":["post-5151","page","type-page","status-publish","hentry"],"aioseo_notices":[],"_links":{"self":[{"href":"https:\/\/www.set.ch\/fr\/wp-json\/wp\/v2\/pages\/5151","targetHints":{"allow":["GET"]}}],"collection":[{"href":"https:\/\/www.set.ch\/fr\/wp-json\/wp\/v2\/pages"}],"about":[{"href":"https:\/\/www.set.ch\/fr\/wp-json\/wp\/v2\/types\/page"}],"author":[{"embeddable":true,"href":"https:\/\/www.set.ch\/fr\/wp-json\/wp\/v2\/users\/7"}],"replies":[{"embeddable":true,"href":"https:\/\/www.set.ch\/fr\/wp-json\/wp\/v2\/comments?post=5151"}],"version-history":[{"count":1,"href":"https:\/\/www.set.ch\/fr\/wp-json\/wp\/v2\/pages\/5151\/revisions"}],"predecessor-version":[{"id":5152,"href":"https:\/\/www.set.ch\/fr\/wp-json\/wp\/v2\/pages\/5151\/revisions\/5152"}],"wp:attachment":[{"href":"https:\/\/www.set.ch\/fr\/wp-json\/wp\/v2\/media?parent=5151"}],"curies":[{"name":"wp","href":"https:\/\/api.w.org\/{rel}","templated":true}]}}